{"id":2277,"date":"2020-06-23T15:48:54","date_gmt":"2020-06-23T14:48:54","guid":{"rendered":"https:\/\/www.cultureireland.ie\/cad-a-dheanaimid\/"},"modified":"2025-06-27T12:58:19","modified_gmt":"2025-06-27T11:58:19","slug":"cad-a-dheanaimid","status":"publish","type":"page","link":"https:\/\/www.cultureireland.ie\/ga\/cad-a-dheanaimid\/","title":{"rendered":"Cad a dh\u00e9anaimid"},"content":{"rendered":"\r\n<p>\u00d3 buna\u00edodh \u00e9 in 2005, t\u00e1 Cult\u00far \u00c9ireann ag feidhmi\u00fa laistigh den An Roinn nua Cult\u00fair, Cumars\u00e1ide agus Sp\u00f3irt chun a shainch\u00faram a chomhl\u00edonadh mar a leagtar amach th\u00edos.<br \/><br \/>Taca\u00edonn Cult\u00far \u00c9ireann le heala\u00edont\u00f3ir\u00ed \u00c9ireannacha a saothar a chur i l\u00e1thair agus a chur chun cinn ag f\u00e9ilte agus ionaid idirn\u00e1isi\u00fanta strait\u00e9iseacha tr\u00ed Sc\u00e9im Deontas Rialta;<\/p>\r\n<p><br \/><br \/>Cuid\u00edonn s\u00e9 le heala\u00edont\u00f3ir\u00ed a saothar a chur chun cinn do phoiblitheoir\u00ed idirn\u00e1isi\u00fanta tr\u00edd an Sc\u00e9im Taispe\u00e1ntais chun deiseanna a fh\u00e1il amach anseo chun a saothar a chur i l\u00e1thair thar lear;<\/p>\r\n<p><br \/>Seachadann s\u00e9 Tionscnaimh Speisialta, ar imeachta\u00ed aonuaire iad ina gcuirtear eala\u00edona na h\u00c9ireann chun cinn ar ard\u00e1n domhanda ar n\u00f3s Zeitgeist Irland 24 \u2013 cl\u00e1r bliana eala\u00edona agus cult\u00far na h\u00c9ireann ar fud na Gearm\u00e1ine in 2024;<\/p>\r\n<p><br \/>Oibr\u00edonn Cult\u00far \u00c9ireann chun caidrimh agus l\u00edonra\u00ed a th\u00f3g\u00e1il le heagra\u00edochta\u00ed eala\u00edon agus cult\u00fair, le forais phoibl\u00ed \u00e1bhartha agus le Ranna Rialtais sa bhaile agus thar lear chun tionchar domhanda eala\u00edont\u00f3ir\u00ed na h\u00c9ireann a chur chun cinn.<\/p>\r\n<p><br \/><br \/><br \/><strong>Coiste Comhairleach Saineolaithe<\/strong><\/p>\r\n<p>Oibr\u00edonn feidhmeannach Chult\u00far \u00c9ireann le taca\u00edocht \u00f3 Choiste Comhairleach Saineolaithe (CCS).<br \/><br \/>Is \u00e9 an tAire Turas\u00f3ireachta, Cult\u00fair, Eala\u00edon, Gaeltachta, Sp\u00f3irt agus Me\u00e1n a cheapann comhalta\u00ed an CCS agus ceangla\u00edtear orthu taca\u00edocht agus c\u00fanamh a shol\u00e1thar chun cur i bhfeidhm strait\u00e9is Chult\u00far \u00c9ireann a sti\u00faradh agus go h\u00e1irithe tr\u00ed thac\u00fa leis na pr\u00edomhghn\u00edomhartha seo a leanas:<\/p>\r\n<ol>\r\n<li>Maoini\u00fa, sainchomhairle agus taca\u00edochta\u00ed poibl\u00edochta eile a shol\u00e1thar chun cur i l\u00e1thair domhanda eala\u00edona na h\u00c9ireann a chumas\u00fa.<\/li>\r\n<li>Socr\u00fa taispe\u00e1ntais choime\u00e1dta agus deiseanna l\u00edonraithe ag pr\u00edomhfh\u00e9ilte agus marga\u00ed domhanda, agus in \u00c9irinn, do r\u00edomhchl\u00e1raitheoir\u00ed\/l\u00e1ithreoir\u00ed suntasacha idirn\u00e1isi\u00fanta.<\/li>\r\n<li>Oibri\u00fa le heagra\u00edochta\u00ed acmhainne agus le pr\u00edomhionaid chult\u00fair idirn\u00e1isi\u00fanta na h\u00c9ireann chun pr\u00edomhchusp\u00f3ir\u00ed Chult\u00far \u00c9ireann a sheachadadh.<\/li>\r\n<li>Tionchar cult\u00fartha strait\u00e9is cur chun cinn idirn\u00e1isi\u00fanta an Rialtais a uasmh\u00e9ad\u00fa.<\/li>\r\n<\/ol>\r\n<p>&nbsp;<\/p>\r\n<p><br \/>Is f\u00e9idir teacht ar <a href=\"https:\/\/www.cultureireland.ie\/wp-content\/uploads\/2024\/04\/Strategy-Straiteis-2022-2025.pdf\">Strait\u00e9is Chult\u00far \u00c9ireann 2022 &#8211; 2025<\/a><\/p>\r\n<p>&nbsp;<\/p>\r\n","protected":false},"excerpt":{"rendered":"<p>\u00d3 buna\u00edodh \u00e9 in 2005, t\u00e1 Cult\u00far \u00c9ireann ag feidhmi\u00fa laistigh den An Roinn nua Cult\u00fair, Cumars\u00e1ide agus Sp\u00f3irt chun a shainch\u00faram a chomhl\u00edonadh mar a leagtar amach th\u00edos. Taca\u00edonn Cult\u00far \u00c9ireann le heala\u00edont\u00f3ir\u00ed \u00c9ireannacha a saothar a chur i l\u00e1thair agus a chur chun cinn ag f\u00e9ilte agus ionaid idirn\u00e1isi\u00fanta strait\u00e9iseacha tr\u00ed Sc\u00e9im Deontas&#8230; <\/p>\n","protected":false},"author":1,"featured_media":3801,"parent":0,"menu_order":0,"comment_status":"closed","ping_status":"closed","template":"full-width.php","meta":{"_acf_changed":false,"footnotes":""},"class_list":["post-2277","page","type-page","status-publish","has-post-thumbnail","hentry"],"acf":[],"yoast_head":"<!-- This site is optimized with the Yoast SEO plugin v27.2 - https:\/\/yoast.com\/product\/yoast-seo-wordpress\/ -->\n<title>Cad a dh\u00e9anaimid - Culture Ireland | Cult\u00far \u00c9ireann<\/title>\n<meta name=\"robots\" content=\"index, follow, max-snippet:-1, max-image-preview:large, max-video-preview:-1\" \/>\n<link rel=\"canonical\" href=\"https:\/\/www.cultureireland.ie\/ga\/cad-a-dheanaimid\/\" \/>\n<meta property=\"og:locale\" content=\"ga_IE\" \/>\n<meta property=\"og:type\" content=\"article\" \/>\n<meta property=\"og:title\" content=\"Cad a dh\u00e9anaimid - Culture Ireland | Cult\u00far \u00c9ireann\" \/>\n<meta property=\"og:description\" content=\"\u00d3 buna\u00edodh \u00e9 in 2005, t\u00e1 Cult\u00far \u00c9ireann ag feidhmi\u00fa laistigh den An Roinn nua Cult\u00fair, Cumars\u00e1ide agus Sp\u00f3irt chun a shainch\u00faram a chomhl\u00edonadh mar a leagtar amach th\u00edos. Taca\u00edonn Cult\u00far \u00c9ireann le heala\u00edont\u00f3ir\u00ed \u00c9ireannacha a saothar a chur i l\u00e1thair agus a chur chun cinn ag f\u00e9ilte agus ionaid idirn\u00e1isi\u00fanta strait\u00e9iseacha tr\u00ed Sc\u00e9im Deontas...\" \/>\n<meta property=\"og:url\" content=\"https:\/\/www.cultureireland.ie\/ga\/cad-a-dheanaimid\/\" \/>\n<meta property=\"og:site_name\" content=\"Culture Ireland | Cult\u00far \u00c9ireann\" \/>\n<meta property=\"article:modified_time\" content=\"2025-06-27T11:58:19+00:00\" \/>\n<meta property=\"og:image\" content=\"https:\/\/www.cultureireland.ie\/wp-content\/uploads\/2024\/04\/12379_Old_Ghosts_Lead_Image.jpg\" \/>\n\t<meta property=\"og:image:width\" content=\"1440\" \/>\n\t<meta property=\"og:image:height\" content=\"850\" \/>\n\t<meta property=\"og:image:type\" content=\"image\/jpeg\" \/>\n<meta name=\"twitter:card\" content=\"summary_large_image\" \/>\n<meta name=\"twitter:label1\" content=\"Est. reading time\" \/>\n\t<meta name=\"twitter:data1\" content=\"2 minutes\" \/>\n<script type=\"application\/ld+json\" class=\"yoast-schema-graph\">{\"@context\":\"https:\/\/schema.org\",\"@graph\":[{\"@type\":\"WebPage\",\"@id\":\"https:\/\/www.cultureireland.ie\/ga\/cad-a-dheanaimid\/\",\"url\":\"https:\/\/www.cultureireland.ie\/ga\/cad-a-dheanaimid\/\",\"name\":\"Cad a dh\u00e9anaimid - Culture Ireland | Cult\u00far \u00c9ireann\",\"isPartOf\":{\"@id\":\"https:\/\/www.cultureireland.ie\/#website\"},\"primaryImageOfPage\":{\"@id\":\"https:\/\/www.cultureireland.ie\/ga\/cad-a-dheanaimid\/#primaryimage\"},\"image\":{\"@id\":\"https:\/\/www.cultureireland.ie\/ga\/cad-a-dheanaimid\/#primaryimage\"},\"thumbnailUrl\":\"https:\/\/www.cultureireland.ie\/wp-content\/uploads\/2026\/04\/1.-Pea-Dinneen-Raising-Her-Voice-photo-credit-Olga-Kuzmenko-1.jpg\",\"datePublished\":\"2020-06-23T14:48:54+00:00\",\"dateModified\":\"2025-06-27T11:58:19+00:00\",\"breadcrumb\":{\"@id\":\"https:\/\/www.cultureireland.ie\/ga\/cad-a-dheanaimid\/#breadcrumb\"},\"inLanguage\":\"ga-IE\",\"potentialAction\":[{\"@type\":\"ReadAction\",\"target\":[\"https:\/\/www.cultureireland.ie\/ga\/cad-a-dheanaimid\/\"]}]},{\"@type\":\"ImageObject\",\"inLanguage\":\"ga-IE\",\"@id\":\"https:\/\/www.cultureireland.ie\/ga\/cad-a-dheanaimid\/#primaryimage\",\"url\":\"https:\/\/www.cultureireland.ie\/wp-content\/uploads\/2026\/04\/1.-Pea-Dinneen-Raising-Her-Voice-photo-credit-Olga-Kuzmenko-1.jpg\",\"contentUrl\":\"https:\/\/www.cultureireland.ie\/wp-content\/uploads\/2026\/04\/1.-Pea-Dinneen-Raising-Her-Voice-photo-credit-Olga-Kuzmenko-1.jpg\",\"width\":1469,\"height\":980,\"caption\":\"Pea Dinneen - Raising Her Voice - photo credit Olga Kuzmenko\"},{\"@type\":\"BreadcrumbList\",\"@id\":\"https:\/\/www.cultureireland.ie\/ga\/cad-a-dheanaimid\/#breadcrumb\",\"itemListElement\":[{\"@type\":\"ListItem\",\"position\":1,\"name\":\"Home\",\"item\":\"https:\/\/www.cultureireland.ie\/\"},{\"@type\":\"ListItem\",\"position\":2,\"name\":\"Cad a dh\u00e9anaimid\"}]},{\"@type\":\"WebSite\",\"@id\":\"https:\/\/www.cultureireland.ie\/#website\",\"url\":\"https:\/\/www.cultureireland.ie\/\",\"name\":\"Culture Ireland | Cult\u00far \u00c9ireann\",\"description\":\"\",\"publisher\":{\"@id\":\"https:\/\/www.cultureireland.ie\/#organization\"},\"potentialAction\":[{\"@type\":\"SearchAction\",\"target\":{\"@type\":\"EntryPoint\",\"urlTemplate\":\"https:\/\/www.cultureireland.ie\/?s={search_term_string}\"},\"query-input\":{\"@type\":\"PropertyValueSpecification\",\"valueRequired\":true,\"valueName\":\"search_term_string\"}}],\"inLanguage\":\"ga-IE\"},{\"@type\":\"Organization\",\"@id\":\"https:\/\/www.cultureireland.ie\/#organization\",\"name\":\"Culture Ireland\",\"url\":\"https:\/\/www.cultureireland.ie\/\",\"logo\":{\"@type\":\"ImageObject\",\"inLanguage\":\"ga-IE\",\"@id\":\"https:\/\/www.cultureireland.ie\/#\/schema\/logo\/image\/\",\"url\":\"https:\/\/www.cultureireland.ie\/wp-content\/uploads\/2024\/04\/Department-Tourism.png\",\"contentUrl\":\"https:\/\/www.cultureireland.ie\/wp-content\/uploads\/2024\/04\/Department-Tourism.png\",\"width\":231,\"height\":218,\"caption\":\"Culture Ireland\"},\"image\":{\"@id\":\"https:\/\/www.cultureireland.ie\/#\/schema\/logo\/image\/\"}}]}<\/script>\n<!-- \/ Yoast SEO plugin. -->","yoast_head_json":{"title":"Cad a dh\u00e9anaimid - Culture Ireland | Cult\u00far \u00c9ireann","robots":{"index":"index","follow":"follow","max-snippet":"max-snippet:-1","max-image-preview":"max-image-preview:large","max-video-preview":"max-video-preview:-1"},"canonical":"https:\/\/www.cultureireland.ie\/ga\/cad-a-dheanaimid\/","og_locale":"ga_IE","og_type":"article","og_title":"Cad a dh\u00e9anaimid - Culture Ireland | Cult\u00far \u00c9ireann","og_description":"\u00d3 buna\u00edodh \u00e9 in 2005, t\u00e1 Cult\u00far \u00c9ireann ag feidhmi\u00fa laistigh den An Roinn nua Cult\u00fair, Cumars\u00e1ide agus Sp\u00f3irt chun a shainch\u00faram a chomhl\u00edonadh mar a leagtar amach th\u00edos. Taca\u00edonn Cult\u00far \u00c9ireann le heala\u00edont\u00f3ir\u00ed \u00c9ireannacha a saothar a chur i l\u00e1thair agus a chur chun cinn ag f\u00e9ilte agus ionaid idirn\u00e1isi\u00fanta strait\u00e9iseacha tr\u00ed Sc\u00e9im Deontas...","og_url":"https:\/\/www.cultureireland.ie\/ga\/cad-a-dheanaimid\/","og_site_name":"Culture Ireland | Cult\u00far \u00c9ireann","article_modified_time":"2025-06-27T11:58:19+00:00","og_image":[{"width":1440,"height":850,"url":"https:\/\/www.cultureireland.ie\/wp-content\/uploads\/2024\/04\/12379_Old_Ghosts_Lead_Image.jpg","type":"image\/jpeg"}],"twitter_card":"summary_large_image","twitter_misc":{"Est. reading time":"2 minutes"},"schema":{"@context":"https:\/\/schema.org","@graph":[{"@type":"WebPage","@id":"https:\/\/www.cultureireland.ie\/ga\/cad-a-dheanaimid\/","url":"https:\/\/www.cultureireland.ie\/ga\/cad-a-dheanaimid\/","name":"Cad a dh\u00e9anaimid - Culture Ireland | Cult\u00far \u00c9ireann","isPartOf":{"@id":"https:\/\/www.cultureireland.ie\/#website"},"primaryImageOfPage":{"@id":"https:\/\/www.cultureireland.ie\/ga\/cad-a-dheanaimid\/#primaryimage"},"image":{"@id":"https:\/\/www.cultureireland.ie\/ga\/cad-a-dheanaimid\/#primaryimage"},"thumbnailUrl":"https:\/\/www.cultureireland.ie\/wp-content\/uploads\/2026\/04\/1.-Pea-Dinneen-Raising-Her-Voice-photo-credit-Olga-Kuzmenko-1.jpg","datePublished":"2020-06-23T14:48:54+00:00","dateModified":"2025-06-27T11:58:19+00:00","breadcrumb":{"@id":"https:\/\/www.cultureireland.ie\/ga\/cad-a-dheanaimid\/#breadcrumb"},"inLanguage":"ga-IE","potentialAction":[{"@type":"ReadAction","target":["https:\/\/www.cultureireland.ie\/ga\/cad-a-dheanaimid\/"]}]},{"@type":"ImageObject","inLanguage":"ga-IE","@id":"https:\/\/www.cultureireland.ie\/ga\/cad-a-dheanaimid\/#primaryimage","url":"https:\/\/www.cultureireland.ie\/wp-content\/uploads\/2026\/04\/1.-Pea-Dinneen-Raising-Her-Voice-photo-credit-Olga-Kuzmenko-1.jpg","contentUrl":"https:\/\/www.cultureireland.ie\/wp-content\/uploads\/2026\/04\/1.-Pea-Dinneen-Raising-Her-Voice-photo-credit-Olga-Kuzmenko-1.jpg","width":1469,"height":980,"caption":"Pea Dinneen - Raising Her Voice - photo credit Olga Kuzmenko"},{"@type":"BreadcrumbList","@id":"https:\/\/www.cultureireland.ie\/ga\/cad-a-dheanaimid\/#breadcrumb","itemListElement":[{"@type":"ListItem","position":1,"name":"Home","item":"https:\/\/www.cultureireland.ie\/"},{"@type":"ListItem","position":2,"name":"Cad a dh\u00e9anaimid"}]},{"@type":"WebSite","@id":"https:\/\/www.cultureireland.ie\/#website","url":"https:\/\/www.cultureireland.ie\/","name":"Culture Ireland | Cult\u00far \u00c9ireann","description":"","publisher":{"@id":"https:\/\/www.cultureireland.ie\/#organization"},"potentialAction":[{"@type":"SearchAction","target":{"@type":"EntryPoint","urlTemplate":"https:\/\/www.cultureireland.ie\/?s={search_term_string}"},"query-input":{"@type":"PropertyValueSpecification","valueRequired":true,"valueName":"search_term_string"}}],"inLanguage":"ga-IE"},{"@type":"Organization","@id":"https:\/\/www.cultureireland.ie\/#organization","name":"Culture Ireland","url":"https:\/\/www.cultureireland.ie\/","logo":{"@type":"ImageObject","inLanguage":"ga-IE","@id":"https:\/\/www.cultureireland.ie\/#\/schema\/logo\/image\/","url":"https:\/\/www.cultureireland.ie\/wp-content\/uploads\/2024\/04\/Department-Tourism.png","contentUrl":"https:\/\/www.cultureireland.ie\/wp-content\/uploads\/2024\/04\/Department-Tourism.png","width":231,"height":218,"caption":"Culture Ireland"},"image":{"@id":"https:\/\/www.cultureireland.ie\/#\/schema\/logo\/image\/"}}]}},"_links":{"self":[{"href":"https:\/\/www.cultureireland.ie\/ga\/wp-json\/wp\/v2\/pages\/2277","targetHints":{"allow":["GET"]}}],"collection":[{"href":"https:\/\/www.cultureireland.ie\/ga\/wp-json\/wp\/v2\/pages"}],"about":[{"href":"https:\/\/www.cultureireland.ie\/ga\/wp-json\/wp\/v2\/types\/page"}],"author":[{"embeddable":true,"href":"https:\/\/www.cultureireland.ie\/ga\/wp-json\/wp\/v2\/users\/1"}],"replies":[{"embeddable":true,"href":"https:\/\/www.cultureireland.ie\/ga\/wp-json\/wp\/v2\/comments?post=2277"}],"version-history":[{"count":4,"href":"https:\/\/www.cultureireland.ie\/ga\/wp-json\/wp\/v2\/pages\/2277\/revisions"}],"predecessor-version":[{"id":3293,"href":"https:\/\/www.cultureireland.ie\/ga\/wp-json\/wp\/v2\/pages\/2277\/revisions\/3293"}],"wp:featuredmedia":[{"embeddable":true,"href":"https:\/\/www.cultureireland.ie\/ga\/wp-json\/wp\/v2\/media\/3801"}],"wp:attachment":[{"href":"https:\/\/www.cultureireland.ie\/ga\/wp-json\/wp\/v2\/media?parent=2277"}],"curies":[{"name":"wp","href":"https:\/\/api.w.org\/{rel}","templated":true}]}}