{"id":121,"date":"2020-08-25T13:43:35","date_gmt":"2020-08-25T12:43:35","guid":{"rendered":"https:\/\/www.cultureireland.ie\/?page_id=121"},"modified":"2025-06-18T16:00:43","modified_gmt":"2025-06-18T15:00:43","slug":"special-initiatives","status":"publish","type":"page","link":"https:\/\/www.cultureireland.ie\/ga\/about\/special-initiatives\/","title":{"rendered":"Special Initiatives"},"content":{"rendered":"<p>In addition to Culture Ireland\u2019s work supporting the promotion of Irish artists, special initiatives and unique opportunities are created for artists operating in all forms of art across the entire network to introduce their work to new audiences and expand their network of contacts.<\/p>\n<p>&nbsp;<\/p>\n<h3><strong><img loading=\"lazy\" decoding=\"async\" class=\"size-full wp-image-1224 alignleft\" src=\"https:\/\/www.cultureireland.ie\/wp-content\/uploads\/2021\/05\/Seoda_news-thumbnail.jpg\" alt=\"\" width=\"300\" height=\"200\" \/><\/strong><a href=\"https:\/\/www.youtube.com\/watch?v=2FRIxFW3TUs&amp;list=PL-sfYaKqpzR2z__RfAu8nADpAavicfFIW\">SEODA<\/a><\/h3>\n<p>The festival, entitled SEODA, meaning jewels, includes many of Ireland\u2019s finest artists and companies and covers all art forms from architecture to visual arts. This 5 day festival running from 17-21 March 2021 was an ambitious programme to ensure Irish artists reach audiences worldwide, including the diaspora and new audiences where Irish artists may not have travelled previously. The festival was available free online.<\/p>\n<p>Included in SEODA\u2019s programme was a strong theatre offer with highlights of the Abbey Theatre\u2019s Dear Ireland 2020 Reflections on a Pandemic, Druid Theatre\u2019s production of The Cherry Orchard adapted by Tom Murphy and Solar Bones, based on the award winning novel by Mike McCormack, produced by Rough Magic\/ Kilkenny Arts Festival.<\/p>\n<p>For children the festival included the internationally acclaimed The Wolf and Peter by CoisCeim Dance Theatre, The Girl Who Forgot to Sing Badly by Theatre Lovett and Prime Cut\u2019s production of Removed.<\/p>\n<p>On the film front, as well a select series of film shorts, there was a focus on Cartoon Saloon\u2019s Academy Award nominated Wolfwalkers. An exhibition of the film in the Butler Gallery Kilkenny, accompanied by a performance by Kila, who has been nominated for the Hollywood Music in Media awards as part of the composer team for the film.<\/p>\n<p>The focus on music is wide ranging from traditional music with Martin Hayes, Ireland\u2019s Cultural Ambassador to a diverse programme from the Irish Chamber Orchestra and a special Italian flavour with The Trials of Tenducci by the Irish Baroque Orchestra.<\/p>\n<p>Highlights of the literature events included a tribute to Derek Mahon, led by Stephen Rea produced by TradFest, a special evening from the National Concert Hall curated by Sinead Gleeson and a C\u00fairt Festival event, presented from Ashford Castle.<\/p>\n<p>The global aspect was enhanced with events from three of the key Irish Cultural Centres abroad, Irish Arts Center, NY, The London Irish Centre, Camden and Centre Culturel Irlandais, Paris.<\/p>\n<p>All events were available free to audiences around the world through Culture Ireland\u2019s YouTube channel.<\/p>\n<p>All performing artists were being paid for the online presentation of their work and many of the artists and companies are supported by the Arts Council.<\/p>\n<p>&nbsp;<\/p>\n<h3><strong><img loading=\"lazy\" decoding=\"async\" class=\"size-full wp-image-1223 alignleft\" src=\"https:\/\/www.cultureireland.ie\/wp-content\/uploads\/2021\/05\/IrelandPerforms.jpg\" alt=\"\" width=\"300\" height=\"200\" \/><\/strong><a href=\"https:\/\/events.cultureireland.ie\/events\/\">Ireland Performs<\/a><\/h3>\n<p>Ireland Performs was an initiative by Culture Ireland which was introduced as an immediate response to COVID-19 lockdown in March of 2020 in partnership with Facebook.<\/p>\n<p>Under Ireland Performs, \u20ac120,000 was paid to professional Irish artists for the presentation of their work online. A total of 120 online performances were run over a six week period and attracted a global audience of almost 1 million.<\/p>\n<p>The performances delivered by diverse artists presenting from their homes, gardens and local spaces included Moncrieff, Kitt Philippa, Slow Moving Clouds, Felispeaks, Niall de B\u00farca, Tommy Fleming, R\u00f3n\u00e1n \u00d3 Snodaigh, and Los Paddys. Most of the 120 Ireland Performs events are still available to be viewed through the links below <a href=\"https:\/\/events.cultureireland.ie\/events\/\">https:\/\/events.cultureireland.ie\/events\/<\/a><\/p>\n<p>&nbsp;<\/p>\n<p>&nbsp;<\/p>\n<h3><span style=\"font-size: 18pt;\">\u00a0GB18<\/span><strong><img loading=\"lazy\" decoding=\"async\" class=\"size-full wp-image-1231 alignleft\" src=\"https:\/\/www.cultureireland.ie\/wp-content\/uploads\/2021\/05\/GB-18.jpg\" alt=\"\" width=\"300\" height=\"200\" \/><\/strong><\/h3>\n<p>In 2018, Culture Ireland delivered a programme of Irish artistic activity with special focus on Britain including a range of events across artistic disciplines in high-profile venues, institutions and festivals, building on Ireland&#8217;s special history and relationship with its nearest neighbour.<\/p>\n<p>Culture Ireland invested over a million euro in the programme, and events reached a live audience across Britain of over 500,000, playing nearly 300 venues, of which 200 featured Culture Ireland supported projects for the first time. The programme served to re-ignite the interest of British promoters in presenting Irish work. GB18 events were be seen in more than two dozen cities around Britain including, Birmingham, Brighton, Bristol, Cardiff, Channel Islands, Cheltenham, Chester, Dundee, Edinburgh, Fishguard, Glasgow, St. Helen\u2019s, Ipswich, Liverpool, London, Ludlow, Manchester, Paisley, Southampton, Reading, Rye, St. Andrews and Warwick. The programme saw Ireland feature as the focus country at the annual industry showcase event in Scotland as part of Celtic Connections, where six Irish acts presented their work to an audience of 250 programmers\/presenters. Other highlights include \u2018Imagining Ireland\u2019, a special concert featuring emerging Irish music artists (including Loah and Stephen James Smith) presented by Serious in association with the National Concert Hall Dublin. The initiative also saw 22 Irish Bands (largest Irish delegation ever) perform at The Great Escape, Brighton as part of the Music from Ireland Programme, while the Druid Theatre\u2019s production of \u2018Waiting for Godot\u2019, by Samuel Beckett won a Herald Angel Award during its appearance at the Edinburgh International Festival.<\/p>\n<h3><\/h3>\n<p>&nbsp;<\/p>\n<p>&nbsp;<\/p>\n<h3><strong><img loading=\"lazy\" decoding=\"async\" class=\"size-medium wp-image-1226 alignleft\" src=\"https:\/\/www.cultureireland.ie\/wp-content\/uploads\/2021\/05\/Ireland-in-vence-2-300x212.jpg\" alt=\"\" width=\"300\" height=\"212\" srcset=\"https:\/\/www.cultureireland.ie\/wp-content\/uploads\/2021\/05\/Ireland-in-vence-2-300x212.jpg 300w, https:\/\/www.cultureireland.ie\/wp-content\/uploads\/2021\/05\/Ireland-in-vence-2-1024x724.jpg 1024w, https:\/\/www.cultureireland.ie\/wp-content\/uploads\/2021\/05\/Ireland-in-vence-2-768x543.jpg 768w, https:\/\/www.cultureireland.ie\/wp-content\/uploads\/2021\/05\/Ireland-in-vence-2-1536x1086.jpg 1536w, https:\/\/www.cultureireland.ie\/wp-content\/uploads\/2021\/05\/Ireland-in-vence-2-2048x1448.jpg 2048w\" sizes=\"auto, (max-width: 300px) 100vw, 300px\" \/><\/strong><a href=\"https:\/\/www.cultureireland.ie\/who-we-have-funded\/ireland-at-venice\/\">Ireland at Venice<\/a><\/h3>\n<p>The Venice Biennale remains the world&#8217;s most important international showcase for contemporary arts and architecture. The annual exhibitions offer a unique opportunity for Ireland to showcase the strength and creativity of the Irish imagination to the world. It is a vital platform for Irish artists, curators and commissioners to gain international profile and to generate opportunities for them to present their work outside of Ireland.<\/p>\n<p>Since 2005, national representation at the international art and architecture exhibitions, la Biennale di Venezia, has been an initiative of Culture Ireland, in partnership with the Arts Council. Both agencies consider the Venice Biennale to be an important opportunity for artists&#8217; development and for Irish curators to work in an international context.<\/p>\n<p>In 2020, the 17th International Architecture Exhibition was postponed due to the global pandemic.<\/p>\n<p>Annex had been selected to present Ireland\u2019s national exhibition that year following an open call by Culture Ireland, in partnership with the Arts Council. They will participate in the 2021 Biennale. Annex is a collective made up of architects \u2014 David Capener, Donal Lally, Clare Lyster, artists \u2014 Sven Anderson, Alan Butler and urbanist \u2014 Fiona McDermott.<\/p>\n<p>Annex will present the exhibition entitled \u2018Entanglement\u2019.<\/p>\n<p>\u201cWe are excited to explore how design can meaningfully respond to the impact of data infrastructures and networked technologies, the ways by which they are imagined, the spaces they create, and the ways they connect to our habits and desires.\u201d<\/p>\n<p>Ireland\u2019s selected presentation responds to the theme for the Biennale for 2020 set by the curator Hashim Sarkis\u00a0 \u201cHow will we live together?\u201d Under this theme Sarkis calls on architects to imagine spaces in which we can generously live together:\u00a0 as human beings to connect with one another and with other species across digital and real space; Annex also responds to the curator\u2019s invitation to architects participating in Biennale Architettura 2021 to engage with other professions to deliver their exhibitions.<\/p>\n<p>The Venice Architecture Biennale, which will be run from 22 May to 29 November 2020, remains the most important global platform for the exhibition of architecture involving the public, members of civil society, individuals and institutions.<\/p>\n<p>The Venice Architecture Biennale serves as a global showcase for Irish architecture and offers the opportunity for Irish architects to engage with international audiences.\u00a0 Ireland at Venice will build on Ireland\u2019s strong presence at the Venice Biennale in 2019 which was curated by Shelley McNamara and Yvonne Farrell of Grafton Architects.<\/p>\n<p>&nbsp;<\/p>\n<h3>I am Ireland\u00a0<strong><img loading=\"lazy\" decoding=\"async\" class=\"size-full wp-image-1227 alignleft\" src=\"https:\/\/www.cultureireland.ie\/wp-content\/uploads\/2021\/05\/I-am-Ireland.jpg\" alt=\"\" width=\"300\" height=\"200\" \/><\/strong><\/h3>\n<p>The Culture Ireland International Programme for 2016 formed part of the Ireland 2016 Centenary Programme, a rich diversity of events which ran throughout 2016 to commemorate the centenary of the 1916 Easter Rising.<\/p>\n<p>The Ireland 2016 Centenary Programme was an inclusive invitation to everyone on the island of Ireland and to the global community to shape and engage in a diverse range of historical, cultural and artistic activities, designed to facilitate reflection, commemoration, celebration, debate and analysis and an active imagining of our future. The programme was divided into seven strands: State Ceremonial, Historical Reflection, An Teanga Bheo, Youth and Imagination, Cultural Expression, Community Participation, and Global and Diaspora.<\/p>\n<p>The Culture Ireland International Programme for 2016 I am Ireland formed part of the Global and Diaspora strand. Inspired by the opening line of Mise \u00c9ire, one of P. H. Pearse\u2019s poems, I am Ireland speaks of a contemporary Ireland, of young and established artists, influenced by Ireland\u2019s geographic position, history and cultural journey over the past one hundred years.<\/p>\n<p>Throughout 2016, Irish artists presented in international festivals and venues with a special focus in key territories \u2013 United States, Great Britain, Canada and Australia \u2013 with which Ireland has strong ties. In many of these places, Irish culture has thrived through the commitment of Irish emigrants to maintaining and enriching our traditions. Irish arts continue to evolve, inspired by the legacy of the past, created by the imagining of our future. The interest in Irish artistic excellence continues to grow internationally and 2016 offered an opportunity to build on Ireland\u2019s cultural connections and share many special and diverse events with audiences around the world.<\/p>\n<p>&nbsp;<\/p>\n","protected":false},"excerpt":{"rendered":"<p>In addition to Culture Ireland\u2019s work supporting the promotion of Irish artists, special initiatives and unique opportunities are created for artists operating in all forms of art across the entire network to introduce their work to new audiences and expand their network of contacts. &nbsp; SEODA The festival, entitled SEODA, meaning jewels, includes many of&#8230; <\/p>\n","protected":false},"author":1,"featured_media":843,"parent":7,"menu_order":5,"comment_status":"closed","ping_status":"closed","template":"full-width.php","meta":{"_acf_changed":false,"footnotes":""},"class_list":["post-121","page","type-page","status-publish","has-post-thumbnail","hentry"],"acf":[],"yoast_head":"<!-- This site is optimized with the Yoast SEO plugin v27.2 - https:\/\/yoast.com\/product\/yoast-seo-wordpress\/ -->\n<title>Special Initiatives - Culture Ireland | Cult\u00far \u00c9ireann<\/title>\n<meta name=\"robots\" content=\"index, follow, max-snippet:-1, max-image-preview:large, max-video-preview:-1\" \/>\n<link rel=\"canonical\" href=\"https:\/\/www.cultureireland.ie\/about\/special-initiatives\/\" \/>\n<meta property=\"og:locale\" content=\"ga_IE\" \/>\n<meta property=\"og:type\" content=\"article\" \/>\n<meta property=\"og:title\" content=\"Special Initiatives - Culture Ireland | Cult\u00far \u00c9ireann\" \/>\n<meta property=\"og:description\" content=\"In addition to Culture Ireland\u2019s work supporting the promotion of Irish artists, special initiatives and unique opportunities are created for artists operating in all forms of art across the entire network to introduce their work to new audiences and expand their network of contacts. &nbsp; SEODA The festival, entitled SEODA, meaning jewels, includes many of...\" \/>\n<meta property=\"og:url\" content=\"https:\/\/www.cultureireland.ie\/about\/special-initiatives\/\" \/>\n<meta property=\"og:site_name\" content=\"Culture Ireland | Cult\u00far \u00c9ireann\" \/>\n<meta property=\"article:modified_time\" content=\"2025-06-18T15:00:43+00:00\" \/>\n<meta property=\"og:image\" content=\"https:\/\/www.cultureireland.ie\/wp-content\/uploads\/2021\/05\/1400x544-Seoda-facebook-banner.png\" \/>\n\t<meta property=\"og:image:width\" content=\"1400\" \/>\n\t<meta property=\"og:image:height\" content=\"544\" \/>\n\t<meta property=\"og:image:type\" content=\"image\/png\" \/>\n<meta name=\"twitter:card\" content=\"summary_large_image\" \/>\n<meta name=\"twitter:label1\" content=\"Est. reading time\" \/>\n\t<meta name=\"twitter:data1\" content=\"8 minutes\" \/>\n<script type=\"application\/ld+json\" class=\"yoast-schema-graph\">{\"@context\":\"https:\/\/schema.org\",\"@graph\":[{\"@type\":\"WebPage\",\"@id\":\"https:\/\/www.cultureireland.ie\/about\/special-initiatives\/\",\"url\":\"https:\/\/www.cultureireland.ie\/about\/special-initiatives\/\",\"name\":\"Special Initiatives - Culture Ireland | Cult\u00far \u00c9ireann\",\"isPartOf\":{\"@id\":\"https:\/\/www.cultureireland.ie\/#website\"},\"primaryImageOfPage\":{\"@id\":\"https:\/\/www.cultureireland.ie\/about\/special-initiatives\/#primaryimage\"},\"image\":{\"@id\":\"https:\/\/www.cultureireland.ie\/about\/special-initiatives\/#primaryimage\"},\"thumbnailUrl\":\"https:\/\/www.cultureireland.ie\/wp-content\/uploads\/2021\/05\/1400x544-Seoda-facebook-banner.png\",\"datePublished\":\"2020-08-25T12:43:35+00:00\",\"dateModified\":\"2025-06-18T15:00:43+00:00\",\"breadcrumb\":{\"@id\":\"https:\/\/www.cultureireland.ie\/about\/special-initiatives\/#breadcrumb\"},\"inLanguage\":\"ga-IE\",\"potentialAction\":[{\"@type\":\"ReadAction\",\"target\":[\"https:\/\/www.cultureireland.ie\/about\/special-initiatives\/\"]}]},{\"@type\":\"ImageObject\",\"inLanguage\":\"ga-IE\",\"@id\":\"https:\/\/www.cultureireland.ie\/about\/special-initiatives\/#primaryimage\",\"url\":\"https:\/\/www.cultureireland.ie\/wp-content\/uploads\/2021\/05\/1400x544-Seoda-facebook-banner.png\",\"contentUrl\":\"https:\/\/www.cultureireland.ie\/wp-content\/uploads\/2021\/05\/1400x544-Seoda-facebook-banner.png\",\"width\":1400,\"height\":544,\"caption\":\"Seoda-facebook-banner\"},{\"@type\":\"BreadcrumbList\",\"@id\":\"https:\/\/www.cultureireland.ie\/about\/special-initiatives\/#breadcrumb\",\"itemListElement\":[{\"@type\":\"ListItem\",\"position\":1,\"name\":\"Home\",\"item\":\"https:\/\/www.cultureireland.ie\/\"},{\"@type\":\"ListItem\",\"position\":2,\"name\":\"What we do\",\"item\":\"https:\/\/www.cultureireland.ie\/about\/\"},{\"@type\":\"ListItem\",\"position\":3,\"name\":\"Special Initiatives\"}]},{\"@type\":\"WebSite\",\"@id\":\"https:\/\/www.cultureireland.ie\/#website\",\"url\":\"https:\/\/www.cultureireland.ie\/\",\"name\":\"Culture Ireland | Cult\u00far \u00c9ireann\",\"description\":\"\",\"publisher\":{\"@id\":\"https:\/\/www.cultureireland.ie\/#organization\"},\"potentialAction\":[{\"@type\":\"SearchAction\",\"target\":{\"@type\":\"EntryPoint\",\"urlTemplate\":\"https:\/\/www.cultureireland.ie\/?s={search_term_string}\"},\"query-input\":{\"@type\":\"PropertyValueSpecification\",\"valueRequired\":true,\"valueName\":\"search_term_string\"}}],\"inLanguage\":\"ga-IE\"},{\"@type\":\"Organization\",\"@id\":\"https:\/\/www.cultureireland.ie\/#organization\",\"name\":\"Culture Ireland\",\"url\":\"https:\/\/www.cultureireland.ie\/\",\"logo\":{\"@type\":\"ImageObject\",\"inLanguage\":\"ga-IE\",\"@id\":\"https:\/\/www.cultureireland.ie\/#\/schema\/logo\/image\/\",\"url\":\"https:\/\/www.cultureireland.ie\/wp-content\/uploads\/2024\/04\/Department-Tourism.png\",\"contentUrl\":\"https:\/\/www.cultureireland.ie\/wp-content\/uploads\/2024\/04\/Department-Tourism.png\",\"width\":231,\"height\":218,\"caption\":\"Culture Ireland\"},\"image\":{\"@id\":\"https:\/\/www.cultureireland.ie\/#\/schema\/logo\/image\/\"}}]}<\/script>\n<!-- \/ Yoast SEO plugin. -->","yoast_head_json":{"title":"Special Initiatives - Culture Ireland | Cult\u00far \u00c9ireann","robots":{"index":"index","follow":"follow","max-snippet":"max-snippet:-1","max-image-preview":"max-image-preview:large","max-video-preview":"max-video-preview:-1"},"canonical":"https:\/\/www.cultureireland.ie\/about\/special-initiatives\/","og_locale":"ga_IE","og_type":"article","og_title":"Special Initiatives - Culture Ireland | Cult\u00far \u00c9ireann","og_description":"In addition to Culture Ireland\u2019s work supporting the promotion of Irish artists, special initiatives and unique opportunities are created for artists operating in all forms of art across the entire network to introduce their work to new audiences and expand their network of contacts. &nbsp; SEODA The festival, entitled SEODA, meaning jewels, includes many of...","og_url":"https:\/\/www.cultureireland.ie\/about\/special-initiatives\/","og_site_name":"Culture Ireland | Cult\u00far \u00c9ireann","article_modified_time":"2025-06-18T15:00:43+00:00","og_image":[{"width":1400,"height":544,"url":"https:\/\/www.cultureireland.ie\/wp-content\/uploads\/2021\/05\/1400x544-Seoda-facebook-banner.png","type":"image\/png"}],"twitter_card":"summary_large_image","twitter_misc":{"Est. reading time":"8 minutes"},"schema":{"@context":"https:\/\/schema.org","@graph":[{"@type":"WebPage","@id":"https:\/\/www.cultureireland.ie\/about\/special-initiatives\/","url":"https:\/\/www.cultureireland.ie\/about\/special-initiatives\/","name":"Special Initiatives - Culture Ireland | Cult\u00far \u00c9ireann","isPartOf":{"@id":"https:\/\/www.cultureireland.ie\/#website"},"primaryImageOfPage":{"@id":"https:\/\/www.cultureireland.ie\/about\/special-initiatives\/#primaryimage"},"image":{"@id":"https:\/\/www.cultureireland.ie\/about\/special-initiatives\/#primaryimage"},"thumbnailUrl":"https:\/\/www.cultureireland.ie\/wp-content\/uploads\/2021\/05\/1400x544-Seoda-facebook-banner.png","datePublished":"2020-08-25T12:43:35+00:00","dateModified":"2025-06-18T15:00:43+00:00","breadcrumb":{"@id":"https:\/\/www.cultureireland.ie\/about\/special-initiatives\/#breadcrumb"},"inLanguage":"ga-IE","potentialAction":[{"@type":"ReadAction","target":["https:\/\/www.cultureireland.ie\/about\/special-initiatives\/"]}]},{"@type":"ImageObject","inLanguage":"ga-IE","@id":"https:\/\/www.cultureireland.ie\/about\/special-initiatives\/#primaryimage","url":"https:\/\/www.cultureireland.ie\/wp-content\/uploads\/2021\/05\/1400x544-Seoda-facebook-banner.png","contentUrl":"https:\/\/www.cultureireland.ie\/wp-content\/uploads\/2021\/05\/1400x544-Seoda-facebook-banner.png","width":1400,"height":544,"caption":"Seoda-facebook-banner"},{"@type":"BreadcrumbList","@id":"https:\/\/www.cultureireland.ie\/about\/special-initiatives\/#breadcrumb","itemListElement":[{"@type":"ListItem","position":1,"name":"Home","item":"https:\/\/www.cultureireland.ie\/"},{"@type":"ListItem","position":2,"name":"What we do","item":"https:\/\/www.cultureireland.ie\/about\/"},{"@type":"ListItem","position":3,"name":"Special Initiatives"}]},{"@type":"WebSite","@id":"https:\/\/www.cultureireland.ie\/#website","url":"https:\/\/www.cultureireland.ie\/","name":"Culture Ireland | Cult\u00far \u00c9ireann","description":"","publisher":{"@id":"https:\/\/www.cultureireland.ie\/#organization"},"potentialAction":[{"@type":"SearchAction","target":{"@type":"EntryPoint","urlTemplate":"https:\/\/www.cultureireland.ie\/?s={search_term_string}"},"query-input":{"@type":"PropertyValueSpecification","valueRequired":true,"valueName":"search_term_string"}}],"inLanguage":"ga-IE"},{"@type":"Organization","@id":"https:\/\/www.cultureireland.ie\/#organization","name":"Culture Ireland","url":"https:\/\/www.cultureireland.ie\/","logo":{"@type":"ImageObject","inLanguage":"ga-IE","@id":"https:\/\/www.cultureireland.ie\/#\/schema\/logo\/image\/","url":"https:\/\/www.cultureireland.ie\/wp-content\/uploads\/2024\/04\/Department-Tourism.png","contentUrl":"https:\/\/www.cultureireland.ie\/wp-content\/uploads\/2024\/04\/Department-Tourism.png","width":231,"height":218,"caption":"Culture Ireland"},"image":{"@id":"https:\/\/www.cultureireland.ie\/#\/schema\/logo\/image\/"}}]}},"_links":{"self":[{"href":"https:\/\/www.cultureireland.ie\/ga\/wp-json\/wp\/v2\/pages\/121","targetHints":{"allow":["GET"]}}],"collection":[{"href":"https:\/\/www.cultureireland.ie\/ga\/wp-json\/wp\/v2\/pages"}],"about":[{"href":"https:\/\/www.cultureireland.ie\/ga\/wp-json\/wp\/v2\/types\/page"}],"author":[{"embeddable":true,"href":"https:\/\/www.cultureireland.ie\/ga\/wp-json\/wp\/v2\/users\/1"}],"replies":[{"embeddable":true,"href":"https:\/\/www.cultureireland.ie\/ga\/wp-json\/wp\/v2\/comments?post=121"}],"version-history":[{"count":20,"href":"https:\/\/www.cultureireland.ie\/ga\/wp-json\/wp\/v2\/pages\/121\/revisions"}],"predecessor-version":[{"id":3243,"href":"https:\/\/www.cultureireland.ie\/ga\/wp-json\/wp\/v2\/pages\/121\/revisions\/3243"}],"up":[{"embeddable":true,"href":"https:\/\/www.cultureireland.ie\/ga\/wp-json\/wp\/v2\/pages\/7"}],"wp:featuredmedia":[{"embeddable":true,"href":"https:\/\/www.cultureireland.ie\/ga\/wp-json\/wp\/v2\/media\/843"}],"wp:attachment":[{"href":"https:\/\/www.cultureireland.ie\/ga\/wp-json\/wp\/v2\/media?parent=121"}],"curies":[{"name":"wp","href":"https:\/\/api.w.org\/{rel}","templated":true}]}}