{"version":"1.0","provider_name":"Culture Ireland | Cult\u00far \u00c9ireann","provider_url":"https:\/\/www.cultureireland.ie\/ga\/","title":"Spotsolas \u00c9ireann ag FiraT\u00e0rrega - Culture Ireland | Cult\u00far \u00c9ireann","type":"rich","width":600,"height":338,"html":"<blockquote class=\"wp-embedded-content\" data-secret=\"XQW5s6nbLo\"><a href=\"https:\/\/www.cultureireland.ie\/ga\/spotsolas-eireann-ag-firatarrega\/\">Spotsolas \u00c9ireann ag FiraT\u00e0rrega<\/a><\/blockquote><iframe sandbox=\"allow-scripts\" security=\"restricted\" src=\"https:\/\/www.cultureireland.ie\/ga\/spotsolas-eireann-ag-firatarrega\/embed\/#?secret=XQW5s6nbLo\" width=\"600\" height=\"338\" title=\"&#8220;Spotsolas \u00c9ireann ag FiraT\u00e0rrega&#8221; &#8212; Culture Ireland | Cult\u00far \u00c9ireann\" data-secret=\"XQW5s6nbLo\" frameborder=\"0\" marginwidth=\"0\" marginheight=\"0\" scrolling=\"no\" class=\"wp-embedded-content\"><\/iframe><script type=\"text\/javascript\">\n\/* <![CDATA[ *\/\n\/*! This file is auto-generated *\/\n!function(d,l){\"use strict\";l.querySelector&&d.addEventListener&&\"undefined\"!=typeof URL&&(d.wp=d.wp||{},d.wp.receiveEmbedMessage||(d.wp.receiveEmbedMessage=function(e){var t=e.data;if((t||t.secret||t.message||t.value)&&!\/[^a-zA-Z0-9]\/.test(t.secret)){for(var s,r,n,a=l.querySelectorAll('iframe[data-secret=\"'+t.secret+'\"]'),o=l.querySelectorAll('blockquote[data-secret=\"'+t.secret+'\"]'),c=new RegExp(\"^https?:$\",\"i\"),i=0;i<o.length;i++)o[i].style.display=\"none\";for(i=0;i<a.length;i++)s=a[i],e.source===s.contentWindow&&(s.removeAttribute(\"style\"),\"height\"===t.message?(1e3<(r=parseInt(t.value,10))?r=1e3:~~r<200&&(r=200),s.height=r):\"link\"===t.message&&(r=new URL(s.getAttribute(\"src\")),n=new URL(t.value),c.test(n.protocol))&&n.host===r.host&&l.activeElement===s&&(d.top.location.href=t.value))}},d.addEventListener(\"message\",d.wp.receiveEmbedMessage,!1),l.addEventListener(\"DOMContentLoaded\",function(){for(var e,t,s=l.querySelectorAll(\"iframe.wp-embedded-content\"),r=0;r<s.length;r++)(t=(e=s[r]).getAttribute(\"data-secret\"))||(t=Math.random().toString(36).substring(2,12),e.src+=\"#?secret=\"+t,e.setAttribute(\"data-secret\",t)),e.contentWindow.postMessage({message:\"ready\",secret:t},\"*\")},!1)))}(window,document);\n\/\/# sourceURL=https:\/\/www.cultureireland.ie\/wp-includes\/js\/wp-embed.min.js\n\/* ]]> *\/\n<\/script>\n","thumbnail_url":"https:\/\/www.cultureireland.ie\/wp-content\/uploads\/2025\/09\/PXL_20240907_082519961-1-scaled.jpg","thumbnail_width":2560,"thumbnail_height":1920,"description":"Is eagr\u00e1n speisialta \u00e9 FiraT\u00e0rrega 2025, a bheidh ar si\u00fal in T\u00e0rrega, an Sp\u00e1inn \u00f3n 11 go dt\u00ed an 14 Me\u00e1n F\u00f3mhair 2025, toisc go mbeidh \u00c9ire mar th\u00edr fh\u00f3cais. Is \u00f3c\u00e1id idirn\u00e1isi\u00fanta l\u00edonraithe agus se\u00f3thaispe\u00e1ntais \u00ed FiraT\u00e0rrega do na taibheala\u00edona, a bhfuil cl\u00fa uirthi ar fud na hEorpa mar gheall ar a b\u00e9im shonrach..."}