{"version":"1.0","provider_name":"Culture Ireland | Cult\u00far \u00c9ireann","provider_url":"https:\/\/www.cultureireland.ie\/ga\/","title":"Cult\u00far \u00c9ireann : Pr\u00f3iseas chun Deontas Rialta a mheas\u00fan\u00fa - Culture Ireland | Cult\u00far \u00c9ireann","type":"rich","width":600,"height":338,"html":"<blockquote class=\"wp-embedded-content\" data-secret=\"fGFlTc7ctf\"><a href=\"https:\/\/www.cultureireland.ie\/ga\/maoinithe\/culture-ireland-regular-grant-assessment-process\/\">Cult\u00far \u00c9ireann : Pr\u00f3iseas chun Deontas Rialta a mheas\u00fan\u00fa<\/a><\/blockquote><iframe sandbox=\"allow-scripts\" security=\"restricted\" src=\"https:\/\/www.cultureireland.ie\/ga\/maoinithe\/culture-ireland-regular-grant-assessment-process\/embed\/#?secret=fGFlTc7ctf\" width=\"600\" height=\"338\" title=\"&#8220;Cult\u00far \u00c9ireann : Pr\u00f3iseas chun Deontas Rialta a mheas\u00fan\u00fa&#8221; &#8212; Culture Ireland | Cult\u00far \u00c9ireann\" data-secret=\"fGFlTc7ctf\" frameborder=\"0\" marginwidth=\"0\" marginheight=\"0\" scrolling=\"no\" class=\"wp-embedded-content\"><\/iframe><script type=\"text\/javascript\">\n\/* <![CDATA[ *\/\n\/*! This file is auto-generated *\/\n!function(d,l){\"use strict\";l.querySelector&&d.addEventListener&&\"undefined\"!=typeof URL&&(d.wp=d.wp||{},d.wp.receiveEmbedMessage||(d.wp.receiveEmbedMessage=function(e){var t=e.data;if((t||t.secret||t.message||t.value)&&!\/[^a-zA-Z0-9]\/.test(t.secret)){for(var s,r,n,a=l.querySelectorAll('iframe[data-secret=\"'+t.secret+'\"]'),o=l.querySelectorAll('blockquote[data-secret=\"'+t.secret+'\"]'),c=new RegExp(\"^https?:$\",\"i\"),i=0;i<o.length;i++)o[i].style.display=\"none\";for(i=0;i<a.length;i++)s=a[i],e.source===s.contentWindow&&(s.removeAttribute(\"style\"),\"height\"===t.message?(1e3<(r=parseInt(t.value,10))?r=1e3:~~r<200&&(r=200),s.height=r):\"link\"===t.message&&(r=new URL(s.getAttribute(\"src\")),n=new URL(t.value),c.test(n.protocol))&&n.host===r.host&&l.activeElement===s&&(d.top.location.href=t.value))}},d.addEventListener(\"message\",d.wp.receiveEmbedMessage,!1),l.addEventListener(\"DOMContentLoaded\",function(){for(var e,t,s=l.querySelectorAll(\"iframe.wp-embedded-content\"),r=0;r<s.length;r++)(t=(e=s[r]).getAttribute(\"data-secret\"))||(t=Math.random().toString(36).substring(2,12),e.src+=\"#?secret=\"+t,e.setAttribute(\"data-secret\",t)),e.contentWindow.postMessage({message:\"ready\",secret:t},\"*\")},!1)))}(window,document);\n\/\/# sourceURL=https:\/\/www.cultureireland.ie\/wp-includes\/js\/wp-embed.min.js\n\/* ]]> *\/\n<\/script>\n","thumbnail_url":"https:\/\/www.cultureireland.ie\/wp-content\/uploads\/2021\/05\/1400x544_Redemption-of-a-Rogue-Stills.png","thumbnail_width":1400,"thumbnail_height":544,"description":"T\u00e1 sc\u00e9im maoinithe deontais rialta Chult\u00far \u00c9ireann deartha chun tac\u00fa leis na heala\u00edona \u00c9ireannacha a chur i l\u00e1thair agus a chur chun cinn go hidirn\u00e1isi\u00fanta. T\u00e1 sceideal ch\u00f3ras na ndeontas athraithe ag Cult\u00far \u00c9ireann. T\u00e1 m\u00e9ad\u00fa ar an l\u00edon babhta\u00ed deontais gach bliain chun freastal ar eala\u00edont\u00f3ir\u00ed agus l\u00e1ithreoir\u00ed domhanda sa tr\u00e9imhse dh\u00fashl\u00e1nach seo. Sa..."}